{"id":89851,"date":"2021-11-18T09:46:09","date_gmt":"2021-11-18T08:46:09","guid":{"rendered":"https:\/\/boumh.umh.es\/?page_id=89851"},"modified":"2022-03-09T09:41:14","modified_gmt":"2022-03-09T08:41:14","slug":"accesibilidad","status":"publish","type":"page","link":"https:\/\/boumh.umh.es\/ca\/accesibilidad\/","title":{"rendered":"Accessibilitat"},"content":{"rendered":"<p><\/p>\n<h3>Declaraci\u00f3 d&#8217;accessibilitat<\/h3>\n<p>La Universitat Miguel Hern\u00e1ndez d&#8217;Elx s&#8217;ha comprom\u00e9s a fer accessible el seu lloc web, de conformitat amb el <a href=\"http:\/\/www.boe.es\/diario_boe\/txt.php?id=BOE-A-2018-12699\">Reial Decret 1112\/2018, de 7 de setembre, sobre accessibilitat dels llocs web i aplicacions per a dispositius m\u00f2bils del sector p\u00fablic<\/a> .<\/p>\n<p>La present declaraci\u00f3 d&#8217;accessibilitat s&#8217;aplica al lloc web <a href=\"https:\/\/boumh.umh.es\/\">https:\/\/boumh.umh.es\/<\/a><\/p>\n<h4>Situaci\u00f3 de compliment<\/h4>\n<p>Aquest lloc web \u00e9s <strong>parcialment conforme<\/strong> amb el RD 1112\/2018 degut a les excepcions i a la falta de conformitat dels aspectes que s&#8217;indiquen a continuaci\u00f3.<\/p>\n<h4>Contingut no accessible<\/h4>\n<p>El contingut que s&#8217;arreplega a continuaci\u00f3 no \u00e9s accesible porqu\u00e8:<\/p>\n<ol type=\"a\">\n<li>Falta de conformitat amb el RD 1112\/2018. Els arxius PDF dels butlletins no s\u00f3n accessibles, ja que no s\u00f3n documents etiquetats ni compleixen alguns requisits d&#8217;accessibilitat com l&#8217;ordre de lectura, idioma del document, etc. La UMH es compromet a comen\u00e7ar a publicar els nous butlletins de manera accessible en breu..<\/li>\n<li>C\u00e0rrega desproporcionada. No aplica.<\/li>\n<li>El contingut no entra dins de l&#8217;\u00e0mbit de la legislaci\u00f3 aplicable. Existeixen arxius ofim\u00e0tics en PDF, que s\u00f3n continguts de tercers que no s\u00f3n finan\u00e7ats ni desenvolupats per la UMH ni estan sota el seu control, que no compleixen tots els requisits d&#8217;accessibilitat. Podrien existir arxius ofim\u00e0tics en PDF publicats abans del 20 de setembre de 2018 que no complisquen \u00edntegrament tots els requisits d&#8217;accessibilitat.<\/li>\n<\/ol>\n<h4>Preparaci\u00f3 de la present declaraci\u00f3 d&#8217;accessibilitat<\/h4>\n<p>La present declaraci\u00f3 va ser preparada el 18 de novembre de 2021.<\/p>\n<p>El m\u00e8tode emprat per preparar la declaraci\u00f3 ha estat una autoavaluaci\u00f3 duta a terme pel propi organisme.<\/p>\n<p>Darrera revisi\u00f3 de la declaraci\u00f3: 18 de novembre de 2021.<\/p>\n<h4>Observacions i dades de contacte<\/h4>\n<p>Podeu realitzar comunicacions sobre requisits d&#8217;accessibilitat (article 10.2.a) del RD 1112\/2018) com per exemple:<\/p>\n<ul>\n<li>informar sobre qualsevol possible <strong>incompliment<\/strong> per part d&#8217;aquest lloc web..<\/li>\n<li>transmetre altres <strong>dificultats d&#8217;acc\u00e9s<\/strong> al contingut.<\/li>\n<li>formular qualsevol altra <strong>consulta o suggeriment de millora<\/strong> relativa a l&#8217;accessibilitat al lloc web.<\/li>\n<\/ul>\n<p>A trav\u00e9s de l&#8217;adre\u00e7a de correu electr\u00f2nic <a href=\"mailto:accesibilidadweb@umh.es\">accesibilidadweb@umh.es<\/a> o telefonant al 96 665 8956.<\/p>\n<p>Les comunicacions seran rebudes i tractades pel Servei d&#8217;Innovaci\u00f3 i Planificaci\u00f3 Tecnol\u00f2gica, com unitat responsable d&#8217;accessibilitat de la Universitat Miguel Hern\u00e1ndez d&#8217;Elx.<\/p>\n<h4>Procediment d&#8217;aplicaci\u00f3<\/h4>\n<p>El procediment de reclamaci\u00f3 arreplegat en l&#8217;article 13 del RD 1112\/2018 va entrar en vigor el 20 de setembre de 2020.<\/p>\n<p>Les sol\u00b7licituds d&#8217;informaci\u00f3 accesible i queixes seran presentades i registrades d&#8217;acord amb els requisits establits en la Llei 39\/2015, d&#8217;1 d&#8217;octubre, del Procediment Administratiu Com\u00fa de les Administracions P\u00fabliques. Aquest tr\u00e0mit podr\u00e0 realitza-rse mitjan\u00e7ant <a href=\"https:\/\/sede.umh.es\/procedimientos\/instancia-general\/\">inst\u00e0ncia general presentada a trav\u00e9s de la Seu electr\u00f2nica de la UMH<\/a> o de forma presencial en el Registre General de la Universitat i en els registres auxiliars ubicats en els centres de gesti\u00f3 de campus.<\/p>\n<p>Procedimiento de reclamaci\u00f3n. Si una vez realizada una solicitud de informaci\u00f3n accesible o queja, \u00e9sta hubiera sido desestimada, no se estuviera de acuerdo con la decisi\u00f3n adoptada, o la respuesta no cumpliera los requisitos contemplados en el art\u00edculo 12.5 del RD 1112\/2018, la persona interesada podr\u00e1 iniciar una reclamaci\u00f3n para conocer y oponerse a los motivos de la desestimaci\u00f3n, instar la adopci\u00f3n de las medidas oportunas en el caso de no estar de acuerdo con la decisi\u00f3n adoptada, o exponer las razones por las que se considera que la respuesta no cumple con los requisitos exigidos.<\/p>\n<p>Igualmente se podr\u00e1 iniciar una reclamaci\u00f3n en el caso de que haya transcurrido el plazo de veinte d\u00edas h\u00e1biles sin haber obtenido respuesta, que deber\u00e1 ser presentada y registrada conforme a los requisitos establecidos en la Ley 39\/2015, de 1 de octubre.<\/p>\n<h4>Contingut opcional<\/h4>\n<p>Contingut opcional <a href=\"https:\/\/administracionelectronica.gob.es\/PAe\/accesibilidad\/une-en-301549-2019.pdf\">Norma UNE-EN 301549:2019 (PDF, 2,21 MB)<\/a> considerant les excepcions del RD 1112\/2018.<\/p>\n<p>L&#8217;\u00faltima revisi\u00f3 de l&#8217;accessibilitat s&#8217;ha realitzat el 18 de novembre de 2021.<\/p>\n<p>El lloc web est\u00e0 optimitzat per als navegadors Microsoft Internet Explorer 8.0 o versions superiors i les \u00faltimes versions vigents de FireFox, Safari, Opera i Google Chrome. La resoluci\u00f3 web m\u00ednima recomanada \u00e9s de 1280&#215;1024.<\/p>\n<p>El lloc web est\u00e0 dissenyat per a la seua visualitzaci\u00f3 Responsive, amb la qual cosa es visualitza de forma \u00f2ptima en els dispositius tauleta i m\u00f2bils. En aquests dispositius est\u00e0 optimitzat per a la seua visualitzaci\u00f3 en les \u00faltimes versions vigents de Chrome for mobile, Firefox for mobile, Safari mobile, Opera Mini i navegador nadiu d&#8217;Android.<\/p>","protected":false},"excerpt":{"rendered":"<p>Declaraci\u00f3 d&#8217;accessibilitat<br \/>\nLa Universitat Miguel Hern\u00e1ndez d&#8217;Elx s&#8217;ha comprom\u00e9s a fer accessible el seu lloc web, de conformitat amb el Reial Decret 1112\/2018, de 7 de setembre, sobre accessibilitat dels llocs web i aplicacions per a dispositius m\u00f2bils del sector p\u00fablic .<br \/>\nLa present declaraci\u00f3 d&#8217;accessibilitat s&#8217;aplica al lloc web https:\/\/boumh.umh.es\/<br \/>\nSituaci\u00f3 de compliment<br \/>\nAquest lloc web \u00e9s parcialment [&#8230;]<\/p>\n","protected":false},"author":3,"featured_media":0,"parent":0,"menu_order":0,"comment_status":"closed","ping_status":"closed","template":"","meta":{"_links_to":"","_links_to_target":""},"_links":{"self":[{"href":"https:\/\/boumh.umh.es\/ca\/wp-json\/wp\/v2\/pages\/89851"}],"collection":[{"href":"https:\/\/boumh.umh.es\/ca\/wp-json\/wp\/v2\/pages"}],"about":[{"href":"https:\/\/boumh.umh.es\/ca\/wp-json\/wp\/v2\/types\/page"}],"author":[{"embeddable":true,"href":"https:\/\/boumh.umh.es\/ca\/wp-json\/wp\/v2\/users\/3"}],"replies":[{"embeddable":true,"href":"https:\/\/boumh.umh.es\/ca\/wp-json\/wp\/v2\/comments?post=89851"}],"version-history":[{"count":0,"href":"https:\/\/boumh.umh.es\/ca\/wp-json\/wp\/v2\/pages\/89851\/revisions"}],"wp:attachment":[{"href":"https:\/\/boumh.umh.es\/ca\/wp-json\/wp\/v2\/media?parent=89851"}],"curies":[{"name":"wp","href":"https:\/\/api.w.org\/{rel}","templated":true}]}}